{"id":15221,"date":"2026-03-30T12:11:19","date_gmt":"2026-03-30T16:11:19","guid":{"rendered":"https:\/\/physioextra.ca\/carrieres\/emplois\/adjoint-e-administratif-ive-20260330002\/"},"modified":"2026-04-26T09:11:08","modified_gmt":"2026-04-26T13:11:08","slug":"adjoint-e-administratif-ive-20260330002","status":"publish","type":"emplois","link":"https:\/\/physioextra.ca\/en\/careers\/jobs\/adjoint-e-administratif-ive-20260330002\/","title":{"rendered":"Adjoint\u00b7e administratif\u00b7ive"},"content":{"rendered":"<p><span><span><span>PhysioExtra est pr\u00e9sentement \u00e0 la recherche d\u2019un\u00b7e adjoint\u00b7e admistratif\u00b7ive afin de compl\u00e9ter son \u00e9quipe de la clinique Vincent Ergonomie.<\/span><\/span><\/span><br \/>\n<span><span><span>Relevant du\/de la directeur\u00b7trice clinique, l\u2019 adjoint\u00b7e admistratif\u00b7ive l\u2019assiste en intervenant dans la gestion de la r\u00e9ception au quotidien ainsi que de la comptabilit\u00e9.<\/span><\/span><\/span><\/p>\n<p><span><span><span><strong>PRINCIPALES T\u00c2CHES ET RESPONSABILIT\u00c9S :<\/strong><\/span><\/span><\/span><\/p>\n<ul>\n<li><span><span><span><span>G\u00e9rer les horaires des th\u00e9rapeutes en fonction des standards<\/span><\/span><\/span><\/span><\/li>\n<li><span><span><span><span>Suivi administratif des dossiers <\/span><\/span><\/span><\/span><\/li>\n<li><span><span><span><span>Envoyer toutes les demandes d\u2019autorisation et de rapports, documents aux m\u00e9decins, etc.<\/span><\/span><\/span><\/span><\/li>\n<li><span><span><span><span>Assurer les fonctions de secr\u00e9tariat<\/span><\/span><\/span><\/span><\/li>\n<li><span><span><span><span>R\u00e9pondre au t\u00e9l\u00e9phone, informer la client\u00e8le sur les services offerts, prendre et confirmer les rendez-vous<\/span><\/span><\/span><\/span><\/li>\n<li><span><span><span><span>Suivi des comptes \u00e0 recevoir <\/span><\/span><\/span><\/span><\/li>\n<li><span><span><span><span>Tenue de livre et comptabilit\u00e9<\/span><\/span><\/span><\/span><\/li>\n<li><span><span><span><span>Appuyer le\/la directeur\u00b7trice clinique dans diff\u00e9rents dossiers<\/span><\/span><\/span><\/span><\/li>\n<\/ul>\n<p><span><span><span><strong>TU AIMES :<\/strong><\/span><\/span><\/span><\/p>\n<ul>\n<li><span><span><span><span>Contribuer \u00e0 am\u00e9liorer la vie des gens au travail<\/span><\/span><\/span><\/span><\/li>\n<li><span><span><span><span>Pouvoir exprimer tes id\u00e9es et partager ton opinion<\/span><\/span><\/span><\/span><\/li>\n<li><span><span><span><span>\u00c9voluer dans une entreprise en pleine croissance qui t'am\u00e8ne \u00e0 te surpasser chaque jour<\/span><\/span><\/span><\/span><\/li>\n<li><span><span><span><span>C\u00e9l\u00e9brer les succ\u00e8s diff\u00e9remment : souligner le temps des f\u00eates, 5@7, activit\u00e9s d'\u00e9quipe, etc.<\/span><\/span><\/span><\/span><\/li>\n<li><span><span><span><span>\u00catre authentique avec tes coll\u00e8gues et avoir du plaisir au travail<\/span><\/span><\/span><\/span><\/li>\n<li><span><span><span><span>Travailler dans un environnement inspirant<\/span><\/span><\/span><\/span><\/li>\n<li><span><span><span><span>B\u00e9n\u00e9ficier de plusieurs avantages tels que : assurances, REER, remboursement d\u2019activit\u00e9s physiques, etc.<\/span><\/span><\/span><\/span><\/li>\n<\/ul>\n<p><span><span><span><strong>\u00a0COMP\u00c9TENCES ET APTITUDES:<\/strong><\/span><\/span><\/span><\/p>\n<ul>\n<li><span><span><span><span>Exp\u00e9rience en comptabilit\u00e9 (5-6 ans) ou formation pertinente en administration ou en comptabilit\u00e9\u00a0(DEP)Excellente maitrise des outils informatiques<\/span><\/span><\/span><\/span><\/li>\n<li><span><span><span><span>Connaissance de la suite MS Office\u00a0(Word, Powerpoint, Excel, Outlook)<\/span><\/span><\/span><\/span><\/li>\n<li><span><span><span><span>Connaissance\u00a0de Sage 50\u00a0(un atout)<\/span><\/span><\/span><\/span><\/li>\n<li><span><span><span><span>Maitrise du fran\u00e7ais\u00a0\u00e9crit et oral<\/span><\/span><\/span><\/span><\/li>\n<li><span><span><span><span>Maitrise de l\u2019anglais\u00a0\u00e9crit et oral<\/span><\/span><\/span><\/span><\/li>\n<li><span><span><span><span>Sens accru du service \u00e0 la client\u00e8le<\/span><\/span><\/span><\/span><\/li>\n<li><span><span><span><span>Aime travailler en \u00e9quipe<\/span><\/span><\/span><\/span><\/li>\n<\/ul>\n<p><span><span><span><strong><span><span>Envoie ton curriculum vitae \u00e0 info@vincentergonomie.com<\/span><\/span><\/strong><\/span><\/span><\/span><br \/>\n<span><span><span><strong><span><span>Site Web : www.vincentergonomie.com<\/span><\/span><\/strong><\/span><\/span><\/span><br \/>\n\u00a0<\/p>\n","protected":false},"parent":0,"template":"","region":[413],"class_list":["post-15221","emplois","type-emplois","status-publish","hentry","region-region-de-laval-en"],"acf":[],"yoast_head":"<!-- This site is optimized with the Yoast SEO Premium plugin v27.4 (Yoast SEO v27.4) - https:\/\/yoast.com\/product\/yoast-seo-premium-wordpress\/ -->\n<title>Adjoint\u00b7e administratif\u00b7ive | PhysioExtra<\/title>\n<meta name=\"robots\" content=\"index, follow, max-snippet:-1, max-image-preview:large, max-video-preview:-1\" \/>\n<link rel=\"canonical\" href=\"https:\/\/physioextra.ca\/en\/careers\/jobs\/adjoint-e-administratif-ive-20260330002\/\" \/>\n<meta property=\"og:locale\" content=\"en_US\" \/>\n<meta property=\"og:type\" content=\"article\" \/>\n<meta property=\"og:title\" content=\"Adjoint\u00b7e administratif\u00b7ive | PhysioExtra\" \/>\n<meta property=\"og:description\" content=\"PhysioExtra est pr\u00e9sentement \u00e0 la recherche d\u2019un\u00b7e adjoint\u00b7e admistratif\u00b7ive afin de compl\u00e9ter son \u00e9quipe de la clinique Vincent Ergonomie. Relevant du\/de la directeur\u00b7trice clinique, l\u2019 adjoint\u00b7e admistratif\u00b7ive l\u2019assiste en intervenant dans la gestion de la [&hellip;]\" \/>\n<meta property=\"og:url\" content=\"https:\/\/physioextra.ca\/en\/careers\/jobs\/adjoint-e-administratif-ive-20260330002\/\" \/>\n<meta property=\"og:site_name\" content=\"PhysioExtra\" \/>\n<meta property=\"article:publisher\" content=\"https:\/\/www.facebook.com\/PhysioExtra\" \/>\n<meta property=\"article:modified_time\" content=\"2026-04-26T13:11:08+00:00\" \/>\n<meta property=\"og:image\" content=\"https:\/\/physioextra.ca\/wp-content\/uploads\/image-preview-social.png\" \/>\n\t<meta property=\"og:image:width\" content=\"1200\" \/>\n\t<meta property=\"og:image:height\" content=\"675\" \/>\n\t<meta property=\"og:image:type\" content=\"image\/png\" \/>\n<meta name=\"twitter:card\" content=\"summary_large_image\" \/>\n<script type=\"application\/ld+json\" class=\"yoast-schema-graph\">{\"@context\":\"https:\\\/\\\/schema.org\",\"@graph\":[{\"@type\":\"WebPage\",\"@id\":\"https:\\\/\\\/physioextra.ca\\\/en\\\/careers\\\/jobs\\\/adjoint-e-administratif-ive-20260330002\\\/\",\"url\":\"https:\\\/\\\/physioextra.ca\\\/en\\\/careers\\\/jobs\\\/adjoint-e-administratif-ive-20260330002\\\/\",\"name\":\"Adjoint\u00b7e administratif\u00b7ive | PhysioExtra\",\"isPartOf\":{\"@id\":\"https:\\\/\\\/physioextra.ca\\\/en\\\/#website\"},\"datePublished\":\"2026-03-30T16:11:19+00:00\",\"dateModified\":\"2026-04-26T13:11:08+00:00\",\"breadcrumb\":{\"@id\":\"https:\\\/\\\/physioextra.ca\\\/en\\\/careers\\\/jobs\\\/adjoint-e-administratif-ive-20260330002\\\/#breadcrumb\"},\"inLanguage\":\"en-CA\",\"potentialAction\":[{\"@type\":\"ReadAction\",\"target\":[\"https:\\\/\\\/physioextra.ca\\\/en\\\/careers\\\/jobs\\\/adjoint-e-administratif-ive-20260330002\\\/\"]}]},{\"@type\":\"BreadcrumbList\",\"@id\":\"https:\\\/\\\/physioextra.ca\\\/en\\\/careers\\\/jobs\\\/adjoint-e-administratif-ive-20260330002\\\/#breadcrumb\",\"itemListElement\":[{\"@type\":\"ListItem\",\"position\":1,\"name\":\"Home\",\"item\":\"https:\\\/\\\/physioextra.ca\\\/en\\\/\"},{\"@type\":\"ListItem\",\"position\":2,\"name\":\"Jobs\",\"item\":\"https:\\\/\\\/physioextra.ca\\\/en\\\/careers\\\/jobs\\\/\"},{\"@type\":\"ListItem\",\"position\":3,\"name\":\"Adjoint\u00b7e administratif\u00b7ive\"}]},{\"@type\":\"WebSite\",\"@id\":\"https:\\\/\\\/physioextra.ca\\\/en\\\/#website\",\"url\":\"https:\\\/\\\/physioextra.ca\\\/en\\\/\",\"name\":\"PhysioExtra\",\"description\":\"Cliniques de physioth\u00e9rapie avec \u00e9quipe multidisciplinaire\",\"publisher\":{\"@id\":\"https:\\\/\\\/physioextra.ca\\\/en\\\/#organization\"},\"potentialAction\":[{\"@type\":\"SearchAction\",\"target\":{\"@type\":\"EntryPoint\",\"urlTemplate\":\"https:\\\/\\\/physioextra.ca\\\/en\\\/?s={search_term_string}\"},\"query-input\":{\"@type\":\"PropertyValueSpecification\",\"valueRequired\":true,\"valueName\":\"search_term_string\"}}],\"inLanguage\":\"en-CA\"},{\"@type\":\"Organization\",\"@id\":\"https:\\\/\\\/physioextra.ca\\\/en\\\/#organization\",\"name\":\"PhysioExtra\",\"alternateName\":\"PE\",\"url\":\"https:\\\/\\\/physioextra.ca\\\/en\\\/\",\"logo\":{\"@type\":\"ImageObject\",\"inLanguage\":\"en-CA\",\"@id\":\"https:\\\/\\\/physioextra.ca\\\/en\\\/#\\\/schema\\\/logo\\\/image\\\/\",\"url\":\"https:\\\/\\\/physioextra.ca\\\/wp-content\\\/uploads\\\/GroupePhysioExtra.jpg\",\"contentUrl\":\"https:\\\/\\\/physioextra.ca\\\/wp-content\\\/uploads\\\/GroupePhysioExtra.jpg\",\"width\":696,\"height\":696,\"caption\":\"PhysioExtra\"},\"image\":{\"@id\":\"https:\\\/\\\/physioextra.ca\\\/en\\\/#\\\/schema\\\/logo\\\/image\\\/\"},\"sameAs\":[\"https:\\\/\\\/www.facebook.com\\\/PhysioExtra\"],\"description\":\"PhysioExtra est un r\u00e9seau de cliniques de physioth\u00e9rapie et de r\u00e9adaptation au Qu\u00e9bec offrant des services de physioth\u00e9rapie, massoth\u00e9rapie, ost\u00e9opathie et soins sp\u00e9cialis\u00e9s pour la sant\u00e9 physique.\",\"email\":\"informationsweb@physioextra.ca\",\"telephone\":\"1 855 743-9872\",\"legalName\":\"Groupe PhysioExtra\",\"numberOfEmployees\":{\"@type\":\"QuantitativeValue\",\"minValue\":\"501\",\"maxValue\":\"1000\"}}]}<\/script>\n<!-- \/ Yoast SEO Premium plugin. -->","yoast_head_json":{"title":"Adjoint\u00b7e administratif\u00b7ive | PhysioExtra","robots":{"index":"index","follow":"follow","max-snippet":"max-snippet:-1","max-image-preview":"max-image-preview:large","max-video-preview":"max-video-preview:-1"},"canonical":"https:\/\/physioextra.ca\/en\/careers\/jobs\/adjoint-e-administratif-ive-20260330002\/","og_locale":"en_US","og_type":"article","og_title":"Adjoint\u00b7e administratif\u00b7ive | PhysioExtra","og_description":"PhysioExtra est pr\u00e9sentement \u00e0 la recherche d\u2019un\u00b7e adjoint\u00b7e admistratif\u00b7ive afin de compl\u00e9ter son \u00e9quipe de la clinique Vincent Ergonomie. Relevant du\/de la directeur\u00b7trice clinique, l\u2019 adjoint\u00b7e admistratif\u00b7ive l\u2019assiste en intervenant dans la gestion de la [&hellip;]","og_url":"https:\/\/physioextra.ca\/en\/careers\/jobs\/adjoint-e-administratif-ive-20260330002\/","og_site_name":"PhysioExtra","article_publisher":"https:\/\/www.facebook.com\/PhysioExtra","article_modified_time":"2026-04-26T13:11:08+00:00","og_image":[{"width":1200,"height":675,"url":"https:\/\/physioextra.ca\/wp-content\/uploads\/image-preview-social.png","type":"image\/png"}],"twitter_card":"summary_large_image","schema":{"@context":"https:\/\/schema.org","@graph":[{"@type":"WebPage","@id":"https:\/\/physioextra.ca\/en\/careers\/jobs\/adjoint-e-administratif-ive-20260330002\/","url":"https:\/\/physioextra.ca\/en\/careers\/jobs\/adjoint-e-administratif-ive-20260330002\/","name":"Adjoint\u00b7e administratif\u00b7ive | PhysioExtra","isPartOf":{"@id":"https:\/\/physioextra.ca\/en\/#website"},"datePublished":"2026-03-30T16:11:19+00:00","dateModified":"2026-04-26T13:11:08+00:00","breadcrumb":{"@id":"https:\/\/physioextra.ca\/en\/careers\/jobs\/adjoint-e-administratif-ive-20260330002\/#breadcrumb"},"inLanguage":"en-CA","potentialAction":[{"@type":"ReadAction","target":["https:\/\/physioextra.ca\/en\/careers\/jobs\/adjoint-e-administratif-ive-20260330002\/"]}]},{"@type":"BreadcrumbList","@id":"https:\/\/physioextra.ca\/en\/careers\/jobs\/adjoint-e-administratif-ive-20260330002\/#breadcrumb","itemListElement":[{"@type":"ListItem","position":1,"name":"Home","item":"https:\/\/physioextra.ca\/en\/"},{"@type":"ListItem","position":2,"name":"Jobs","item":"https:\/\/physioextra.ca\/en\/careers\/jobs\/"},{"@type":"ListItem","position":3,"name":"Adjoint\u00b7e administratif\u00b7ive"}]},{"@type":"WebSite","@id":"https:\/\/physioextra.ca\/en\/#website","url":"https:\/\/physioextra.ca\/en\/","name":"PhysioExtra","description":"Cliniques de physioth\u00e9rapie avec \u00e9quipe multidisciplinaire","publisher":{"@id":"https:\/\/physioextra.ca\/en\/#organization"},"potentialAction":[{"@type":"SearchAction","target":{"@type":"EntryPoint","urlTemplate":"https:\/\/physioextra.ca\/en\/?s={search_term_string}"},"query-input":{"@type":"PropertyValueSpecification","valueRequired":true,"valueName":"search_term_string"}}],"inLanguage":"en-CA"},{"@type":"Organization","@id":"https:\/\/physioextra.ca\/en\/#organization","name":"PhysioExtra","alternateName":"PE","url":"https:\/\/physioextra.ca\/en\/","logo":{"@type":"ImageObject","inLanguage":"en-CA","@id":"https:\/\/physioextra.ca\/en\/#\/schema\/logo\/image\/","url":"https:\/\/physioextra.ca\/wp-content\/uploads\/GroupePhysioExtra.jpg","contentUrl":"https:\/\/physioextra.ca\/wp-content\/uploads\/GroupePhysioExtra.jpg","width":696,"height":696,"caption":"PhysioExtra"},"image":{"@id":"https:\/\/physioextra.ca\/en\/#\/schema\/logo\/image\/"},"sameAs":["https:\/\/www.facebook.com\/PhysioExtra"],"description":"PhysioExtra est un r\u00e9seau de cliniques de physioth\u00e9rapie et de r\u00e9adaptation au Qu\u00e9bec offrant des services de physioth\u00e9rapie, massoth\u00e9rapie, ost\u00e9opathie et soins sp\u00e9cialis\u00e9s pour la sant\u00e9 physique.","email":"informationsweb@physioextra.ca","telephone":"1 855 743-9872","legalName":"Groupe PhysioExtra","numberOfEmployees":{"@type":"QuantitativeValue","minValue":"501","maxValue":"1000"}}]}},"_links":{"self":[{"href":"https:\/\/physioextra.ca\/en\/wp-json\/wp\/v2\/emplois\/15221","targetHints":{"allow":["GET"]}}],"collection":[{"href":"https:\/\/physioextra.ca\/en\/wp-json\/wp\/v2\/emplois"}],"about":[{"href":"https:\/\/physioextra.ca\/en\/wp-json\/wp\/v2\/types\/emplois"}],"wp:attachment":[{"href":"https:\/\/physioextra.ca\/en\/wp-json\/wp\/v2\/media?parent=15221"}],"wp:term":[{"taxonomy":"region","embeddable":true,"href":"https:\/\/physioextra.ca\/en\/wp-json\/wp\/v2\/region?post=15221"}],"curies":[{"name":"wp","href":"https:\/\/api.w.org\/{rel}","templated":true}]}}